{"id":5634,"date":"2024-02-07T15:38:24","date_gmt":"2024-02-07T15:38:24","guid":{"rendered":"https:\/\/www.martinettisa.ch\/?page_id=5634"},"modified":"2025-12-16T10:39:56","modified_gmt":"2025-12-16T10:39:56","slug":"location-mobilier","status":"publish","type":"page","link":"https:\/\/www.martinettisa.ch\/?page_id=5634","title":{"rendered":"Location-mobilier"},"content":{"rendered":"\t\t<div data-elementor-type=\"wp-page\" data-elementor-id=\"5634\" class=\"elementor elementor-5634\" data-elementor-post-type=\"page\">\n\t\t\t\t<div class=\"elementor-element elementor-element-bab7787 e-con-full e-flex e-con e-parent\" data-id=\"bab7787\" data-element_type=\"container\" data-e-type=\"container\">\n\t\t<div class=\"elementor-element elementor-element-0e59b37 e-con-full e-flex e-con e-child\" data-id=\"0e59b37\" data-element_type=\"container\" data-e-type=\"container\" data-settings=\"{&quot;background_background&quot;:&quot;classic&quot;}\">\n\t\t\t\t<div class=\"elementor-element elementor-element-a86ad6d elementor-widget elementor-widget-heading\" data-id=\"a86ad6d\" data-element_type=\"widget\" data-e-type=\"widget\" data-widget_type=\"heading.default\">\n\t\t\t\t<div class=\"elementor-widget-container\">\n\t\t\t\t\t<h2 class=\"elementor-heading-title elementor-size-default\">NOTRE MOBILIER<\/h2>\t\t\t\t<\/div>\n\t\t\t\t<\/div>\n\t\t\t\t<\/div>\n\t\t<div class=\"elementor-element elementor-element-61f02a8 e-con-full e-flex e-con e-child\" data-id=\"61f02a8\" data-element_type=\"container\" data-e-type=\"container\" data-settings=\"{&quot;background_background&quot;:&quot;classic&quot;,&quot;animation&quot;:&quot;none&quot;,&quot;position&quot;:&quot;absolute&quot;}\">\n\t\t<div class=\"elementor-element elementor-element-203f21b e-con-full e-flex e-con e-child\" data-id=\"203f21b\" data-element_type=\"container\" data-e-type=\"container\">\n\t\t\t\t<div class=\"elementor-element elementor-element-ca000d1 elementor-widget elementor-widget-image\" data-id=\"ca000d1\" data-element_type=\"widget\" data-e-type=\"widget\" data-widget_type=\"image.default\">\n\t\t\t\t<div class=\"elementor-widget-container\">\n\t\t\t\t\t\t\t\t\t\t\t\t\t\t\t\t<a href=\"https:\/\/www.martinettisa.ch\/?page_id=3717\">\n\t\t\t\t\t\t\t<img fetchpriority=\"high\" decoding=\"async\" width=\"2481\" height=\"676\" src=\"https:\/\/www.martinettisa.ch\/wp-content\/uploads\/2023\/09\/martinetti_logo_location_noir.webp\" class=\"attachment-full size-full wp-image-3681\" alt=\"\" srcset=\"https:\/\/www.martinettisa.ch\/wp-content\/uploads\/2023\/09\/martinetti_logo_location_noir.webp 2481w, https:\/\/www.martinettisa.ch\/wp-content\/uploads\/2023\/09\/martinetti_logo_location_noir-300x82.webp 300w, https:\/\/www.martinettisa.ch\/wp-content\/uploads\/2023\/09\/martinetti_logo_location_noir-1024x279.webp 1024w, https:\/\/www.martinettisa.ch\/wp-content\/uploads\/2023\/09\/martinetti_logo_location_noir-768x209.webp 768w, https:\/\/www.martinettisa.ch\/wp-content\/uploads\/2023\/09\/martinetti_logo_location_noir-1536x419.webp 1536w, https:\/\/www.martinettisa.ch\/wp-content\/uploads\/2023\/09\/martinetti_logo_location_noir-2048x558.webp 2048w\" sizes=\"(max-width: 2481px) 100vw, 2481px\" \/>\t\t\t\t\t\t\t\t<\/a>\n\t\t\t\t\t\t\t\t\t\t\t\t\t\t\t<\/div>\n\t\t\t\t<\/div>\n\t\t\t\t<\/div>\n\t\t<div class=\"elementor-element elementor-element-3255a9b e-con-full elementor-hidden-tablet elementor-hidden-mobile e-flex e-con e-child\" data-id=\"3255a9b\" data-element_type=\"container\" data-e-type=\"container\">\n\t\t\t\t<\/div>\n\t\t<div class=\"elementor-element elementor-element-791b5b0 e-con-full e-flex e-con e-child\" data-id=\"791b5b0\" data-element_type=\"container\" data-e-type=\"container\">\n\t\t\t\t<div class=\"elementor-element elementor-element-c9b4cd0 elementor-view-menu-location elementor-hidden-widescreen elementor-hidden-desktop elementor-widget elementor-widget-podover_elementor_menu_canvas\" data-id=\"c9b4cd0\" data-element_type=\"widget\" data-e-type=\"widget\" data-widget_type=\"podover_elementor_menu_canvas.default\">\n\t\t\t\t<div class=\"elementor-widget-container\">\n\t\t\t\t\t\n\t\t<nav class=\"menu-canvas\">\n            <button class=\"menu-toggle\">\n            \t<span><\/span>\n            <\/button>\n            <nav class=\"container-menu dir_left\" >\n\t            <div class=\"close-menu\">\n\t            \t<i class=\"ovaicon-cancel\"><\/i>\n\t            <\/div>\n\t\t\t\t<div class=\"primary-navigation\"><ul id=\"menu-menu-location\" class=\"menu\"><li id=\"menu-item-3755\" class=\"menu-item menu-item-type-post_type menu-item-object-page menu-item-home menu-item-3755\"><a href=\"https:\/\/www.martinettisa.ch\/\">Accueil<\/a><\/li>\n<li id=\"menu-item-5719\" class=\"menu-item menu-item-type-post_type menu-item-object-page menu-item-5719\"><a href=\"https:\/\/www.martinettisa.ch\/?page_id=5634\">Mobilier<\/a><\/li>\n<li id=\"menu-item-4547\" class=\"menu-item menu-item-type-post_type menu-item-object-page menu-item-4547\"><a href=\"https:\/\/www.martinettisa.ch\/?page_id=4497\">Notre \u00e9quipe<\/a><\/li>\n<li id=\"menu-item-4592\" class=\"menu-item menu-item-type-post_type menu-item-object-page menu-item-4592\"><a href=\"https:\/\/www.martinettisa.ch\/?page_id=4566\">Nos clients<\/a><\/li>\n<li id=\"menu-item-4749\" class=\"menu-item menu-item-type-post_type menu-item-object-page menu-item-4749\"><a href=\"https:\/\/www.martinettisa.ch\/?page_id=4677\">Histoire<\/a><\/li>\n<li id=\"menu-item-4462\" class=\"menu-item menu-item-type-post_type menu-item-object-page menu-item-4462\"><a href=\"https:\/\/www.martinettisa.ch\/?page_id=4449\">Contact<\/a><\/li>\n<\/ul><\/div>\t\t\t<\/nav>\n\t\t\t<div class=\"site-overlay\"><\/div>\n        <\/nav>\n\t\t\n\n\t\t\t\t\t<\/div>\n\t\t\t\t<\/div>\n\t\t\t\t<div class=\"elementor-element elementor-element-cb7816f elementor-view-menu-location elementor-hidden-tablet elementor-hidden-mobile elementor-widget elementor-widget-podover_elementor_menu_nav\" data-id=\"cb7816f\" data-element_type=\"widget\" data-e-type=\"widget\" data-widget_type=\"podover_elementor_menu_nav.default\">\n\t\t\t\t<div class=\"elementor-widget-container\">\n\t\t\t\t\t\n\t\t<nav class=\"main-navigation\">\n            <button class=\"menu-toggle\">\n            \t<span>\n            \t\tMenu            \t<\/span>\n            <\/button>\n\t\t\t<div class=\"primary-navigation\"><ul id=\"menu-menu-location-1\" class=\"menu\"><li class=\"menu-item menu-item-type-post_type menu-item-object-page menu-item-home menu-item-3755\"><a href=\"https:\/\/www.martinettisa.ch\/\">Accueil<\/a><\/li>\n<li class=\"menu-item menu-item-type-post_type menu-item-object-page menu-item-5719\"><a href=\"https:\/\/www.martinettisa.ch\/?page_id=5634\">Mobilier<\/a><\/li>\n<li class=\"menu-item menu-item-type-post_type menu-item-object-page menu-item-4547\"><a href=\"https:\/\/www.martinettisa.ch\/?page_id=4497\">Notre \u00e9quipe<\/a><\/li>\n<li class=\"menu-item menu-item-type-post_type menu-item-object-page menu-item-4592\"><a href=\"https:\/\/www.martinettisa.ch\/?page_id=4566\">Nos clients<\/a><\/li>\n<li class=\"menu-item menu-item-type-post_type menu-item-object-page menu-item-4749\"><a href=\"https:\/\/www.martinettisa.ch\/?page_id=4677\">Histoire<\/a><\/li>\n<li class=\"menu-item menu-item-type-post_type menu-item-object-page menu-item-4462\"><a href=\"https:\/\/www.martinettisa.ch\/?page_id=4449\">Contact<\/a><\/li>\n<\/ul><\/div>        <\/nav>\n\t\t\n\n\t\t\t\t\t<\/div>\n\t\t\t\t<\/div>\n\t\t\t\t<\/div>\n\t\t\t\t<\/div>\n\t\t<div class=\"elementor-element elementor-element-e16b179 e-con-full e-flex e-con e-child\" data-id=\"e16b179\" data-element_type=\"container\" data-e-type=\"container\">\n\t\t<div class=\"elementor-element elementor-element-86caeba e-flex e-con-boxed e-con e-child\" data-id=\"86caeba\" data-element_type=\"container\" data-e-type=\"container\">\n\t\t\t\t\t<div class=\"e-con-inner\">\n\t\t\t\t<div class=\"elementor-element elementor-element-5f002ed elementor-widget elementor-widget-text-editor\" data-id=\"5f002ed\" data-element_type=\"widget\" data-e-type=\"widget\" data-widget_type=\"text-editor.default\">\n\t\t\t\t<div class=\"elementor-widget-container\">\n\t\t\t\t\t\t\t\t\t<p>D\u00e9couvrez notre mobilier et accessoires en location !<\/p>\n<p>Note: TVA 8.1% incluse si transport effectu\u00e9 par le locataire. Merci de nous contacter et de pr\u00e9ciser l&rsquo;objet de location souhait\u00e9.<\/p>\t\t\t\t\t\t\t\t<\/div>\n\t\t\t\t<\/div>\n\t\t\t\t\t<\/div>\n\t\t\t\t<\/div>\n\t\t<div class=\"elementor-element elementor-element-fe3b43f elementor-hidden-tablet elementor-hidden-mobile e-flex e-con-boxed e-con e-child\" data-id=\"fe3b43f\" data-element_type=\"container\" data-e-type=\"container\">\n\t\t\t\t\t<div class=\"e-con-inner\">\n\t\t\t\t\t<\/div>\n\t\t\t\t<\/div>\n\t\t\t\t<\/div>\n\t\t<div class=\"elementor-element elementor-element-e0bbb4a e-con-full e-flex e-con e-child\" data-id=\"e0bbb4a\" data-element_type=\"container\" data-e-type=\"container\">\n\t\t<div class=\"elementor-element elementor-element-dbed4b0 e-flex e-con-boxed e-con e-child\" data-id=\"dbed4b0\" data-element_type=\"container\" data-e-type=\"container\">\n\t\t\t\t\t<div class=\"e-con-inner\">\n\t\t\t\t<div class=\"elementor-element elementor-element-98a2234 elementor-widget__width-inherit elementor-widget elementor-widget-image\" data-id=\"98a2234\" data-element_type=\"widget\" data-e-type=\"widget\" data-widget_type=\"image.default\">\n\t\t\t\t<div class=\"elementor-widget-container\">\n\t\t\t\t\t\t\t\t\t\t\t\t\t\t\t<img decoding=\"async\" src=\"https:\/\/www.martinettisa.ch\/wp-content\/uploads\/2024\/02\/12.jpg\" title=\"1&amp;2\" alt=\"1&amp;2\" loading=\"lazy\" \/>\t\t\t\t\t\t\t\t\t\t\t\t\t\t\t<\/div>\n\t\t\t\t<\/div>\n\t\t\t\t<div class=\"elementor-element elementor-element-152c34a elementor-widget elementor-widget-heading\" data-id=\"152c34a\" data-element_type=\"widget\" data-e-type=\"widget\" data-widget_type=\"heading.default\">\n\t\t\t\t<div class=\"elementor-widget-container\">\n\t\t\t\t\t<h2 class=\"elementor-heading-title elementor-size-default\"><b>Table de 4m pour 16 personnes<br><\/b>Tarif de location pour 1 Week-end ou 3 jours:<br><b>22.00.- Frs<\/b><br><br>\nCes tarifs s'appliquent sur nos mobiliers qui sont pris et ramen\u00e9s dans nos locaux \u00e0 Martigny.<br><br>\nCat\u00e9gorie Mobilier <\/h2>\t\t\t\t<\/div>\n\t\t\t\t<\/div>\n\t\t\t\t<div class=\"elementor-element elementor-element-75ff21f elementor-widget__width-inherit elementor-align-left elementor-widget elementor-widget-button\" data-id=\"75ff21f\" data-element_type=\"widget\" data-e-type=\"widget\" data-widget_type=\"button.default\">\n\t\t\t\t<div class=\"elementor-widget-container\">\n\t\t\t\t\t\t\t\t\t<div class=\"elementor-button-wrapper\">\n\t\t\t\t\t<a class=\"elementor-button elementor-button-link elementor-size-md\" href=\"https:\/\/www.martinettisa.ch\/?page_id=4449\">\n\t\t\t\t\t\t<span class=\"elementor-button-content-wrapper\">\n\t\t\t\t\t\t<span class=\"elementor-button-icon\">\n\t\t\t\t<i aria-hidden=\"true\" class=\"icon icon-arrow-right\"><\/i>\t\t\t<\/span>\n\t\t\t\t\t\t\t\t\t<span class=\"elementor-button-text\">Louer<\/span>\n\t\t\t\t\t<\/span>\n\t\t\t\t\t<\/a>\n\t\t\t\t<\/div>\n\t\t\t\t\t\t\t\t<\/div>\n\t\t\t\t<\/div>\n\t\t\t\t\t<\/div>\n\t\t\t\t<\/div>\n\t\t<div class=\"elementor-element elementor-element-2c2b469 e-flex e-con-boxed e-con e-child\" data-id=\"2c2b469\" data-element_type=\"container\" data-e-type=\"container\">\n\t\t\t\t\t<div class=\"e-con-inner\">\n\t\t\t\t<div class=\"elementor-element elementor-element-47b8523 elementor-widget__width-inherit elementor-widget elementor-widget-image\" data-id=\"47b8523\" data-element_type=\"widget\" data-e-type=\"widget\" data-widget_type=\"image.default\">\n\t\t\t\t<div class=\"elementor-widget-container\">\n\t\t\t\t\t\t\t\t\t\t\t\t\t\t\t<img decoding=\"async\" src=\"https:\/\/www.martinettisa.ch\/wp-content\/uploads\/2024\/02\/12.jpg\" title=\"1&amp;2\" alt=\"1&amp;2\" loading=\"lazy\" \/>\t\t\t\t\t\t\t\t\t\t\t\t\t\t\t<\/div>\n\t\t\t\t<\/div>\n\t\t\t\t<div class=\"elementor-element elementor-element-30c5a65 elementor-widget__width-inherit elementor-align-left elementor-widget elementor-widget-button\" data-id=\"30c5a65\" data-element_type=\"widget\" data-e-type=\"widget\" data-widget_type=\"button.default\">\n\t\t\t\t<div class=\"elementor-widget-container\">\n\t\t\t\t\t\t\t\t\t<div class=\"elementor-button-wrapper\">\n\t\t\t\t\t<a class=\"elementor-button elementor-button-link elementor-size-md\" href=\"https:\/\/www.martinettisa.ch\/?page_id=4449\">\n\t\t\t\t\t\t<span class=\"elementor-button-content-wrapper\">\n\t\t\t\t\t\t<span class=\"elementor-button-icon\">\n\t\t\t\t<i aria-hidden=\"true\" class=\"icon icon-arrow-right\"><\/i>\t\t\t<\/span>\n\t\t\t\t\t\t\t\t\t<span class=\"elementor-button-text\">Louer<\/span>\n\t\t\t\t\t<\/span>\n\t\t\t\t\t<\/a>\n\t\t\t\t<\/div>\n\t\t\t\t\t\t\t\t<\/div>\n\t\t\t\t<\/div>\n\t\t\t\t<div class=\"elementor-element elementor-element-6cf91ae elementor-widget elementor-widget-heading\" data-id=\"6cf91ae\" data-element_type=\"widget\" data-e-type=\"widget\" data-widget_type=\"heading.default\">\n\t\t\t\t<div class=\"elementor-widget-container\">\n\t\t\t\t\t<h2 class=\"elementor-heading-title elementor-size-default\"><b>Table de 5m pour 20 personnes<br><\/b>Tarif de location pour 1 Week-end ou 3 jours:<br><b>26.- Frs <\/b><br><br>\nCes tarifs s'appliquent sur nos mobiliers qui sont pris et ramen\u00e9s dans nos locaux \u00e0 Martigny.<br><br>\nCat\u00e9gorie Mobilier <\/h2>\t\t\t\t<\/div>\n\t\t\t\t<\/div>\n\t\t\t\t\t<\/div>\n\t\t\t\t<\/div>\n\t\t<div class=\"elementor-element elementor-element-1c84285 e-flex e-con-boxed e-con e-child\" data-id=\"1c84285\" data-element_type=\"container\" data-e-type=\"container\">\n\t\t\t\t\t<div class=\"e-con-inner\">\n\t\t\t\t<div class=\"elementor-element elementor-element-a302ac7 elementor-widget__width-inherit elementor-align-left elementor-widget elementor-widget-button\" data-id=\"a302ac7\" data-element_type=\"widget\" data-e-type=\"widget\" data-widget_type=\"button.default\">\n\t\t\t\t<div class=\"elementor-widget-container\">\n\t\t\t\t\t\t\t\t\t<div class=\"elementor-button-wrapper\">\n\t\t\t\t\t<a class=\"elementor-button elementor-button-link elementor-size-md\" href=\"https:\/\/www.martinettisa.ch\/?page_id=4449\">\n\t\t\t\t\t\t<span class=\"elementor-button-content-wrapper\">\n\t\t\t\t\t\t<span class=\"elementor-button-icon\">\n\t\t\t\t<i aria-hidden=\"true\" class=\"icon icon-arrow-right\"><\/i>\t\t\t<\/span>\n\t\t\t\t\t\t\t\t\t<span class=\"elementor-button-text\">Louer<\/span>\n\t\t\t\t\t<\/span>\n\t\t\t\t\t<\/a>\n\t\t\t\t<\/div>\n\t\t\t\t\t\t\t\t<\/div>\n\t\t\t\t<\/div>\n\t\t\t\t<div class=\"elementor-element elementor-element-af07c3b elementor-widget__width-inherit elementor-widget elementor-widget-image\" data-id=\"af07c3b\" data-element_type=\"widget\" data-e-type=\"widget\" data-widget_type=\"image.default\">\n\t\t\t\t<div class=\"elementor-widget-container\">\n\t\t\t\t\t\t\t\t\t\t\t\t\t\t\t<img decoding=\"async\" src=\"https:\/\/www.martinettisa.ch\/wp-content\/uploads\/2024\/02\/3.jpg\" title=\"3\" alt=\"3\" loading=\"lazy\" \/>\t\t\t\t\t\t\t\t\t\t\t\t\t\t\t<\/div>\n\t\t\t\t<\/div>\n\t\t\t\t<div class=\"elementor-element elementor-element-fcfa753 elementor-widget elementor-widget-heading\" data-id=\"fcfa753\" data-element_type=\"widget\" data-e-type=\"widget\" data-widget_type=\"heading.default\">\n\t\t\t\t<div class=\"elementor-widget-container\">\n\t\t\t\t\t<h2 class=\"elementor-heading-title elementor-size-default\"><b>Table de 2m20 x 70cm avec 2 bancs pour 8 personnes<br><\/b>Tarif de location pour 1 Week-end ou 3 jours:<br><b>20.- Frs <\/b><br><br>\nCes tarifs s'appliquent sur nos mobiliers qui sont pris et ramen\u00e9s dans nos locaux \u00e0 Martigny.<br><br>\nCat\u00e9gorie Mobilier <\/h2>\t\t\t\t<\/div>\n\t\t\t\t<\/div>\n\t\t\t\t\t<\/div>\n\t\t\t\t<\/div>\n\t\t\t\t<\/div>\n\t\t<div class=\"elementor-element elementor-element-8459cbf e-con-full e-flex e-con e-child\" data-id=\"8459cbf\" data-element_type=\"container\" data-e-type=\"container\">\n\t\t<div class=\"elementor-element elementor-element-ea3002d e-flex e-con-boxed e-con e-child\" data-id=\"ea3002d\" data-element_type=\"container\" data-e-type=\"container\">\n\t\t\t\t\t<div class=\"e-con-inner\">\n\t\t\t\t<div class=\"elementor-element elementor-element-f37f653 elementor-widget__width-inherit elementor-widget elementor-widget-image\" data-id=\"f37f653\" data-element_type=\"widget\" data-e-type=\"widget\" data-widget_type=\"image.default\">\n\t\t\t\t<div class=\"elementor-widget-container\">\n\t\t\t\t\t\t\t\t\t\t\t\t\t\t\t<img decoding=\"async\" src=\"https:\/\/www.martinettisa.ch\/wp-content\/uploads\/2024\/02\/4.jpg\" title=\"4\" alt=\"4\" loading=\"lazy\" \/>\t\t\t\t\t\t\t\t\t\t\t\t\t\t\t<\/div>\n\t\t\t\t<\/div>\n\t\t\t\t<div class=\"elementor-element elementor-element-1f3c580 elementor-widget elementor-widget-heading\" data-id=\"1f3c580\" data-element_type=\"widget\" data-e-type=\"widget\" data-widget_type=\"heading.default\">\n\t\t\t\t<div class=\"elementor-widget-container\">\n\t\t\t\t\t<h2 class=\"elementor-heading-title elementor-size-default\"><b>Table de 2m20 x 70cm<br><\/b>Tarif de location pour 1 Week-end ou 3 jours:<br><b>15.00.- Frs<\/b><br><br>\nCes tarifs s'appliquent sur nos mobiliers qui sont pris et ramen\u00e9s dans nos locaux \u00e0 Martigny.<br><br>\nCat\u00e9gorie Mobilier <\/h2>\t\t\t\t<\/div>\n\t\t\t\t<\/div>\n\t\t\t\t<div class=\"elementor-element elementor-element-dc98617 elementor-widget__width-inherit elementor-align-left elementor-widget elementor-widget-button\" data-id=\"dc98617\" data-element_type=\"widget\" data-e-type=\"widget\" data-widget_type=\"button.default\">\n\t\t\t\t<div class=\"elementor-widget-container\">\n\t\t\t\t\t\t\t\t\t<div class=\"elementor-button-wrapper\">\n\t\t\t\t\t<a class=\"elementor-button elementor-button-link elementor-size-md\" href=\"https:\/\/www.martinettisa.ch\/?page_id=4449\">\n\t\t\t\t\t\t<span class=\"elementor-button-content-wrapper\">\n\t\t\t\t\t\t<span class=\"elementor-button-icon\">\n\t\t\t\t<i aria-hidden=\"true\" class=\"icon icon-arrow-right\"><\/i>\t\t\t<\/span>\n\t\t\t\t\t\t\t\t\t<span class=\"elementor-button-text\">Louer<\/span>\n\t\t\t\t\t<\/span>\n\t\t\t\t\t<\/a>\n\t\t\t\t<\/div>\n\t\t\t\t\t\t\t\t<\/div>\n\t\t\t\t<\/div>\n\t\t\t\t\t<\/div>\n\t\t\t\t<\/div>\n\t\t<div class=\"elementor-element elementor-element-cef52a2 e-flex e-con-boxed e-con e-child\" data-id=\"cef52a2\" data-element_type=\"container\" data-e-type=\"container\">\n\t\t\t\t\t<div class=\"e-con-inner\">\n\t\t\t\t<div class=\"elementor-element elementor-element-6c3648c elementor-widget__width-inherit elementor-widget elementor-widget-image\" data-id=\"6c3648c\" data-element_type=\"widget\" data-e-type=\"widget\" data-widget_type=\"image.default\">\n\t\t\t\t<div class=\"elementor-widget-container\">\n\t\t\t\t\t\t\t\t\t\t\t\t\t\t\t<img decoding=\"async\" src=\"https:\/\/www.martinettisa.ch\/wp-content\/uploads\/2024\/02\/5.jpg\" title=\"5\" alt=\"5\" loading=\"lazy\" \/>\t\t\t\t\t\t\t\t\t\t\t\t\t\t\t<\/div>\n\t\t\t\t<\/div>\n\t\t\t\t<div class=\"elementor-element elementor-element-7b8bcf8 elementor-widget__width-inherit elementor-align-left elementor-widget elementor-widget-button\" data-id=\"7b8bcf8\" data-element_type=\"widget\" data-e-type=\"widget\" data-widget_type=\"button.default\">\n\t\t\t\t<div class=\"elementor-widget-container\">\n\t\t\t\t\t\t\t\t\t<div class=\"elementor-button-wrapper\">\n\t\t\t\t\t<a class=\"elementor-button elementor-button-link elementor-size-md\" href=\"https:\/\/www.martinettisa.ch\/?page_id=4449\">\n\t\t\t\t\t\t<span class=\"elementor-button-content-wrapper\">\n\t\t\t\t\t\t<span class=\"elementor-button-icon\">\n\t\t\t\t<i aria-hidden=\"true\" class=\"icon icon-arrow-right\"><\/i>\t\t\t<\/span>\n\t\t\t\t\t\t\t\t\t<span class=\"elementor-button-text\">Louer<\/span>\n\t\t\t\t\t<\/span>\n\t\t\t\t\t<\/a>\n\t\t\t\t<\/div>\n\t\t\t\t\t\t\t\t<\/div>\n\t\t\t\t<\/div>\n\t\t\t\t<div class=\"elementor-element elementor-element-4cdf5a8 elementor-widget elementor-widget-heading\" data-id=\"4cdf5a8\" data-element_type=\"widget\" data-e-type=\"widget\" data-widget_type=\"heading.default\">\n\t\t\t\t<div class=\"elementor-widget-container\">\n\t\t\t\t\t<h2 class=\"elementor-heading-title elementor-size-default\"><b>Banc de 2m20 x 30cm<\/b><br>Tarif de location pour 1 Week-end ou 3 jours:<br><b>3.- Frs <\/b><br><br>\nCes tarifs s'appliquent sur nos mobiliers qui sont pris et ramen\u00e9s dans nos locaux \u00e0 Martigny.<br><br>\nCat\u00e9gorie Mobilier <\/h2>\t\t\t\t<\/div>\n\t\t\t\t<\/div>\n\t\t\t\t\t<\/div>\n\t\t\t\t<\/div>\n\t\t<div class=\"elementor-element elementor-element-f21a31b e-flex e-con-boxed e-con e-child\" data-id=\"f21a31b\" data-element_type=\"container\" data-e-type=\"container\">\n\t\t\t\t\t<div class=\"e-con-inner\">\n\t\t\t\t<div class=\"elementor-element elementor-element-5889c3c elementor-widget__width-inherit elementor-widget elementor-widget-image\" data-id=\"5889c3c\" data-element_type=\"widget\" data-e-type=\"widget\" data-widget_type=\"image.default\">\n\t\t\t\t<div class=\"elementor-widget-container\">\n\t\t\t\t\t\t\t\t\t\t\t\t\t\t\t<img decoding=\"async\" src=\"https:\/\/www.martinettisa.ch\/wp-content\/uploads\/2024\/02\/6.jpg\" title=\"6\" alt=\"6\" loading=\"lazy\" \/>\t\t\t\t\t\t\t\t\t\t\t\t\t\t\t<\/div>\n\t\t\t\t<\/div>\n\t\t\t\t<div class=\"elementor-element elementor-element-fa0c551 elementor-widget__width-inherit elementor-align-left elementor-widget elementor-widget-button\" data-id=\"fa0c551\" data-element_type=\"widget\" data-e-type=\"widget\" data-widget_type=\"button.default\">\n\t\t\t\t<div class=\"elementor-widget-container\">\n\t\t\t\t\t\t\t\t\t<div class=\"elementor-button-wrapper\">\n\t\t\t\t\t<a class=\"elementor-button elementor-button-link elementor-size-md\" href=\"https:\/\/www.martinettisa.ch\/?page_id=4449\">\n\t\t\t\t\t\t<span class=\"elementor-button-content-wrapper\">\n\t\t\t\t\t\t<span class=\"elementor-button-icon\">\n\t\t\t\t<i aria-hidden=\"true\" class=\"icon icon-arrow-right\"><\/i>\t\t\t<\/span>\n\t\t\t\t\t\t\t\t\t<span class=\"elementor-button-text\">Louer<\/span>\n\t\t\t\t\t<\/span>\n\t\t\t\t\t<\/a>\n\t\t\t\t<\/div>\n\t\t\t\t\t\t\t\t<\/div>\n\t\t\t\t<\/div>\n\t\t\t\t<div class=\"elementor-element elementor-element-2f20de3 elementor-widget elementor-widget-heading\" data-id=\"2f20de3\" data-element_type=\"widget\" data-e-type=\"widget\" data-widget_type=\"heading.default\">\n\t\t\t\t<div class=\"elementor-widget-container\">\n\t\t\t\t\t<h2 class=\"elementor-heading-title elementor-size-default\"><b>Chaise Type Granit<\/b><br>Tarif de location pour 1 Week-end ou 3 jours:<br><b>6.- Frs <\/b><br><br>\nCes tarifs s'appliquent sur nos mobiliers qui sont pris et ramen\u00e9s dans nos locaux \u00e0 Martigny.<br><br>\nCat\u00e9gorie Mobilier <\/h2>\t\t\t\t<\/div>\n\t\t\t\t<\/div>\n\t\t\t\t\t<\/div>\n\t\t\t\t<\/div>\n\t\t\t\t<\/div>\n\t\t<div class=\"elementor-element elementor-element-f66b494 e-con-full e-flex e-con e-child\" data-id=\"f66b494\" data-element_type=\"container\" data-e-type=\"container\">\n\t\t<div class=\"elementor-element elementor-element-a1bff88 e-flex e-con-boxed e-con e-child\" data-id=\"a1bff88\" data-element_type=\"container\" data-e-type=\"container\">\n\t\t\t\t\t<div class=\"e-con-inner\">\n\t\t\t\t<div class=\"elementor-element elementor-element-5abde21 elementor-widget__width-inherit elementor-widget elementor-widget-image\" data-id=\"5abde21\" data-element_type=\"widget\" data-e-type=\"widget\" data-widget_type=\"image.default\">\n\t\t\t\t<div class=\"elementor-widget-container\">\n\t\t\t\t\t\t\t\t\t\t\t\t\t\t\t<img decoding=\"async\" src=\"https:\/\/www.martinettisa.ch\/wp-content\/uploads\/2024\/02\/7.jpg\" title=\"7\" alt=\"7\" loading=\"lazy\" \/>\t\t\t\t\t\t\t\t\t\t\t\t\t\t\t<\/div>\n\t\t\t\t<\/div>\n\t\t\t\t<div class=\"elementor-element elementor-element-a933daa elementor-widget elementor-widget-heading\" data-id=\"a933daa\" data-element_type=\"widget\" data-e-type=\"widget\" data-widget_type=\"heading.default\">\n\t\t\t\t<div class=\"elementor-widget-container\">\n\t\t\t\t\t<h2 class=\"elementor-heading-title elementor-size-default\"><b>Table Ronde de 1m80 pour 10 personnes<br><\/b>Tarif de location pour 1 Week-end ou 3 jours:<br><b>38.00.- Frs<\/b><br><br>\nCes tarifs s'appliquent sur nos mobiliers qui sont pris et ramen\u00e9s dans nos locaux \u00e0 Martigny.<br><br>\nCat\u00e9gorie Mobilier <\/h2>\t\t\t\t<\/div>\n\t\t\t\t<\/div>\n\t\t\t\t<div class=\"elementor-element elementor-element-8ea46f0 elementor-widget__width-inherit elementor-align-left elementor-widget elementor-widget-button\" data-id=\"8ea46f0\" data-element_type=\"widget\" data-e-type=\"widget\" data-widget_type=\"button.default\">\n\t\t\t\t<div class=\"elementor-widget-container\">\n\t\t\t\t\t\t\t\t\t<div class=\"elementor-button-wrapper\">\n\t\t\t\t\t<a class=\"elementor-button elementor-button-link elementor-size-md\" href=\"https:\/\/www.martinettisa.ch\/?page_id=4449\">\n\t\t\t\t\t\t<span class=\"elementor-button-content-wrapper\">\n\t\t\t\t\t\t<span class=\"elementor-button-icon\">\n\t\t\t\t<i aria-hidden=\"true\" class=\"icon icon-arrow-right\"><\/i>\t\t\t<\/span>\n\t\t\t\t\t\t\t\t\t<span class=\"elementor-button-text\">Louer<\/span>\n\t\t\t\t\t<\/span>\n\t\t\t\t\t<\/a>\n\t\t\t\t<\/div>\n\t\t\t\t\t\t\t\t<\/div>\n\t\t\t\t<\/div>\n\t\t\t\t\t<\/div>\n\t\t\t\t<\/div>\n\t\t<div class=\"elementor-element elementor-element-b8d1848 e-flex e-con-boxed e-con e-child\" data-id=\"b8d1848\" data-element_type=\"container\" data-e-type=\"container\">\n\t\t\t\t\t<div class=\"e-con-inner\">\n\t\t\t\t<div class=\"elementor-element elementor-element-ad27088 elementor-widget__width-inherit elementor-widget elementor-widget-image\" data-id=\"ad27088\" data-element_type=\"widget\" data-e-type=\"widget\" data-widget_type=\"image.default\">\n\t\t\t\t<div class=\"elementor-widget-container\">\n\t\t\t\t\t\t\t\t\t\t\t\t\t\t\t<img decoding=\"async\" src=\"https:\/\/www.martinettisa.ch\/wp-content\/uploads\/2024\/02\/8.jpg\" title=\"8\" alt=\"8\" loading=\"lazy\" \/>\t\t\t\t\t\t\t\t\t\t\t\t\t\t\t<\/div>\n\t\t\t\t<\/div>\n\t\t\t\t<div class=\"elementor-element elementor-element-976b2cc elementor-widget__width-inherit elementor-align-left elementor-widget elementor-widget-button\" data-id=\"976b2cc\" data-element_type=\"widget\" data-e-type=\"widget\" data-widget_type=\"button.default\">\n\t\t\t\t<div class=\"elementor-widget-container\">\n\t\t\t\t\t\t\t\t\t<div class=\"elementor-button-wrapper\">\n\t\t\t\t\t<a class=\"elementor-button elementor-button-link elementor-size-md\" href=\"https:\/\/www.martinettisa.ch\/?page_id=4449\">\n\t\t\t\t\t\t<span class=\"elementor-button-content-wrapper\">\n\t\t\t\t\t\t<span class=\"elementor-button-icon\">\n\t\t\t\t<i aria-hidden=\"true\" class=\"icon icon-arrow-right\"><\/i>\t\t\t<\/span>\n\t\t\t\t\t\t\t\t\t<span class=\"elementor-button-text\">Louer<\/span>\n\t\t\t\t\t<\/span>\n\t\t\t\t\t<\/a>\n\t\t\t\t<\/div>\n\t\t\t\t\t\t\t\t<\/div>\n\t\t\t\t<\/div>\n\t\t\t\t<div class=\"elementor-element elementor-element-4dd768c elementor-widget elementor-widget-heading\" data-id=\"4dd768c\" data-element_type=\"widget\" data-e-type=\"widget\" data-widget_type=\"heading.default\">\n\t\t\t\t<div class=\"elementor-widget-container\">\n\t\t\t\t\t<h2 class=\"elementor-heading-title elementor-size-default\"><b>Table Ronde de 1m50 pour 8 personnes<\/b><br>Tarif de location pour 1 Week-end ou 3 jours:<br><b>32.- Frs <\/b><br><br>\nCes tarifs s'appliquent sur nos mobiliers qui sont pris et ramen\u00e9s dans nos locaux \u00e0 Martigny.<br><br>\nCat\u00e9gorie Mobilier <\/h2>\t\t\t\t<\/div>\n\t\t\t\t<\/div>\n\t\t\t\t\t<\/div>\n\t\t\t\t<\/div>\n\t\t<div class=\"elementor-element elementor-element-d434d23 e-flex e-con-boxed e-con e-child\" data-id=\"d434d23\" data-element_type=\"container\" data-e-type=\"container\">\n\t\t\t\t\t<div class=\"e-con-inner\">\n\t\t\t\t<div class=\"elementor-element elementor-element-0541cb3 elementor-widget__width-inherit elementor-widget elementor-widget-image\" data-id=\"0541cb3\" data-element_type=\"widget\" data-e-type=\"widget\" data-widget_type=\"image.default\">\n\t\t\t\t<div class=\"elementor-widget-container\">\n\t\t\t\t\t\t\t\t\t\t\t\t\t\t\t<img decoding=\"async\" src=\"https:\/\/www.martinettisa.ch\/wp-content\/uploads\/2024\/02\/9.jpg\" title=\"9\" alt=\"9\" loading=\"lazy\" \/>\t\t\t\t\t\t\t\t\t\t\t\t\t\t\t<\/div>\n\t\t\t\t<\/div>\n\t\t\t\t<div class=\"elementor-element elementor-element-928a0c1 elementor-widget__width-inherit elementor-align-left elementor-widget elementor-widget-button\" data-id=\"928a0c1\" data-element_type=\"widget\" data-e-type=\"widget\" data-widget_type=\"button.default\">\n\t\t\t\t<div class=\"elementor-widget-container\">\n\t\t\t\t\t\t\t\t\t<div class=\"elementor-button-wrapper\">\n\t\t\t\t\t<a class=\"elementor-button elementor-button-link elementor-size-md\" href=\"https:\/\/www.martinettisa.ch\/?page_id=4449\">\n\t\t\t\t\t\t<span class=\"elementor-button-content-wrapper\">\n\t\t\t\t\t\t<span class=\"elementor-button-icon\">\n\t\t\t\t<i aria-hidden=\"true\" class=\"icon icon-arrow-right\"><\/i>\t\t\t<\/span>\n\t\t\t\t\t\t\t\t\t<span class=\"elementor-button-text\">Louer<\/span>\n\t\t\t\t\t<\/span>\n\t\t\t\t\t<\/a>\n\t\t\t\t<\/div>\n\t\t\t\t\t\t\t\t<\/div>\n\t\t\t\t<\/div>\n\t\t\t\t<div class=\"elementor-element elementor-element-7611e7e elementor-widget elementor-widget-heading\" data-id=\"7611e7e\" data-element_type=\"widget\" data-e-type=\"widget\" data-widget_type=\"heading.default\">\n\t\t\t\t<div class=\"elementor-widget-container\">\n\t\t\t\t\t<h2 class=\"elementor-heading-title elementor-size-default\"><b>Table Ronde de 1m20 pour 6 personnes<\/b><br>Tarif de location pour 1 Week-end ou 3 jours:<br><b>26.- Frs <\/b><br><br>\nCes tarifs s'appliquent sur nos mobiliers qui sont pris et ramen\u00e9s dans nos locaux \u00e0 Martigny.<br><br>\nCat\u00e9gorie Mobilier <\/h2>\t\t\t\t<\/div>\n\t\t\t\t<\/div>\n\t\t\t\t\t<\/div>\n\t\t\t\t<\/div>\n\t\t\t\t<\/div>\n\t\t<div class=\"elementor-element elementor-element-0b0b910 e-con-full e-flex e-con e-child\" data-id=\"0b0b910\" data-element_type=\"container\" data-e-type=\"container\">\n\t\t<div class=\"elementor-element elementor-element-e4212de e-flex e-con-boxed e-con e-child\" data-id=\"e4212de\" data-element_type=\"container\" data-e-type=\"container\">\n\t\t\t\t\t<div class=\"e-con-inner\">\n\t\t\t\t<div class=\"elementor-element elementor-element-eb48840 elementor-widget__width-inherit elementor-widget elementor-widget-image\" data-id=\"eb48840\" data-element_type=\"widget\" data-e-type=\"widget\" data-widget_type=\"image.default\">\n\t\t\t\t<div class=\"elementor-widget-container\">\n\t\t\t\t\t\t\t\t\t\t\t\t\t\t\t<img decoding=\"async\" src=\"https:\/\/www.martinettisa.ch\/wp-content\/uploads\/2024\/02\/10.jpg\" title=\"10\" alt=\"10\" loading=\"lazy\" \/>\t\t\t\t\t\t\t\t\t\t\t\t\t\t\t<\/div>\n\t\t\t\t<\/div>\n\t\t\t\t<div class=\"elementor-element elementor-element-644daad elementor-widget elementor-widget-heading\" data-id=\"644daad\" data-element_type=\"widget\" data-e-type=\"widget\" data-widget_type=\"heading.default\">\n\t\t\t\t<div class=\"elementor-widget-container\">\n\t\t\t\t\t<h2 class=\"elementor-heading-title elementor-size-default\"><b>Table Haute de 1m20 type Cocktail de 85cm<br><\/b>Tarif de location pour 1 Week-end ou 3 jours:<br><b>32.00.- Frs<\/b><br><br>\nCes tarifs s'appliquent sur nos mobiliers qui sont pris et ramen\u00e9s dans nos locaux \u00e0 Martigny.<br><br>\nCat\u00e9gorie Mobilier <\/h2>\t\t\t\t<\/div>\n\t\t\t\t<\/div>\n\t\t\t\t<div class=\"elementor-element elementor-element-33f893a elementor-widget__width-inherit elementor-align-left elementor-widget elementor-widget-button\" data-id=\"33f893a\" data-element_type=\"widget\" data-e-type=\"widget\" data-widget_type=\"button.default\">\n\t\t\t\t<div class=\"elementor-widget-container\">\n\t\t\t\t\t\t\t\t\t<div class=\"elementor-button-wrapper\">\n\t\t\t\t\t<a class=\"elementor-button elementor-button-link elementor-size-md\" href=\"https:\/\/www.martinettisa.ch\/?page_id=4449\">\n\t\t\t\t\t\t<span class=\"elementor-button-content-wrapper\">\n\t\t\t\t\t\t<span class=\"elementor-button-icon\">\n\t\t\t\t<i aria-hidden=\"true\" class=\"icon icon-arrow-right\"><\/i>\t\t\t<\/span>\n\t\t\t\t\t\t\t\t\t<span class=\"elementor-button-text\">Louer<\/span>\n\t\t\t\t\t<\/span>\n\t\t\t\t\t<\/a>\n\t\t\t\t<\/div>\n\t\t\t\t\t\t\t\t<\/div>\n\t\t\t\t<\/div>\n\t\t\t\t\t<\/div>\n\t\t\t\t<\/div>\n\t\t<div class=\"elementor-element elementor-element-fc271e8 e-flex e-con-boxed e-con e-child\" data-id=\"fc271e8\" data-element_type=\"container\" data-e-type=\"container\">\n\t\t\t\t\t<div class=\"e-con-inner\">\n\t\t\t\t<div class=\"elementor-element elementor-element-a2d93f0 elementor-widget__width-inherit elementor-widget elementor-widget-image\" data-id=\"a2d93f0\" data-element_type=\"widget\" data-e-type=\"widget\" data-widget_type=\"image.default\">\n\t\t\t\t<div class=\"elementor-widget-container\">\n\t\t\t\t\t\t\t\t\t\t\t\t\t\t\t<img decoding=\"async\" src=\"https:\/\/www.martinettisa.ch\/wp-content\/uploads\/2024\/02\/11.jpg\" title=\"11\" alt=\"11\" loading=\"lazy\" \/>\t\t\t\t\t\t\t\t\t\t\t\t\t\t\t<\/div>\n\t\t\t\t<\/div>\n\t\t\t\t<div class=\"elementor-element elementor-element-787152d elementor-widget__width-inherit elementor-align-left elementor-widget elementor-widget-button\" data-id=\"787152d\" data-element_type=\"widget\" data-e-type=\"widget\" data-widget_type=\"button.default\">\n\t\t\t\t<div class=\"elementor-widget-container\">\n\t\t\t\t\t\t\t\t\t<div class=\"elementor-button-wrapper\">\n\t\t\t\t\t<a class=\"elementor-button elementor-button-link elementor-size-md\" href=\"https:\/\/www.martinettisa.ch\/?page_id=4449\">\n\t\t\t\t\t\t<span class=\"elementor-button-content-wrapper\">\n\t\t\t\t\t\t<span class=\"elementor-button-icon\">\n\t\t\t\t<i aria-hidden=\"true\" class=\"icon icon-arrow-right\"><\/i>\t\t\t<\/span>\n\t\t\t\t\t\t\t\t\t<span class=\"elementor-button-text\">Louer<\/span>\n\t\t\t\t\t<\/span>\n\t\t\t\t\t<\/a>\n\t\t\t\t<\/div>\n\t\t\t\t\t\t\t\t<\/div>\n\t\t\t\t<\/div>\n\t\t\t\t<div class=\"elementor-element elementor-element-ac3ea2d elementor-widget elementor-widget-heading\" data-id=\"ac3ea2d\" data-element_type=\"widget\" data-e-type=\"widget\" data-widget_type=\"heading.default\">\n\t\t\t\t<div class=\"elementor-widget-container\">\n\t\t\t\t\t<h2 class=\"elementor-heading-title elementor-size-default\"><b>Housse noire pour table Cocktail<\/b><br>Tarif de location pour 1 Week-end ou 3 jours:<br><b>16.- Frs <\/b><br><br>\nCes tarifs s'appliquent sur nos mobiliers qui sont pris et ramen\u00e9s dans nos locaux \u00e0 Martigny.<br><br>\nCat\u00e9gorie Mobilier <\/h2>\t\t\t\t<\/div>\n\t\t\t\t<\/div>\n\t\t\t\t\t<\/div>\n\t\t\t\t<\/div>\n\t\t<div class=\"elementor-element elementor-element-4fdc670 e-flex e-con-boxed e-con e-child\" data-id=\"4fdc670\" data-element_type=\"container\" data-e-type=\"container\">\n\t\t\t\t\t<div class=\"e-con-inner\">\n\t\t\t\t<div class=\"elementor-element elementor-element-3dd8e9b elementor-widget__width-inherit elementor-widget elementor-widget-image\" data-id=\"3dd8e9b\" data-element_type=\"widget\" data-e-type=\"widget\" data-widget_type=\"image.default\">\n\t\t\t\t<div class=\"elementor-widget-container\">\n\t\t\t\t\t\t\t\t\t\t\t\t\t\t\t<img decoding=\"async\" src=\"https:\/\/www.martinettisa.ch\/wp-content\/uploads\/2024\/02\/12-3.jpg\" title=\"12\" alt=\"12\" loading=\"lazy\" \/>\t\t\t\t\t\t\t\t\t\t\t\t\t\t\t<\/div>\n\t\t\t\t<\/div>\n\t\t\t\t<div class=\"elementor-element elementor-element-e98b77d elementor-widget__width-inherit elementor-align-left elementor-widget elementor-widget-button\" data-id=\"e98b77d\" data-element_type=\"widget\" data-e-type=\"widget\" data-widget_type=\"button.default\">\n\t\t\t\t<div class=\"elementor-widget-container\">\n\t\t\t\t\t\t\t\t\t<div class=\"elementor-button-wrapper\">\n\t\t\t\t\t<a class=\"elementor-button elementor-button-link elementor-size-md\" href=\"https:\/\/www.martinettisa.ch\/?page_id=4449\">\n\t\t\t\t\t\t<span class=\"elementor-button-content-wrapper\">\n\t\t\t\t\t\t<span class=\"elementor-button-icon\">\n\t\t\t\t<i aria-hidden=\"true\" class=\"icon icon-arrow-right\"><\/i>\t\t\t<\/span>\n\t\t\t\t\t\t\t\t\t<span class=\"elementor-button-text\">Louer<\/span>\n\t\t\t\t\t<\/span>\n\t\t\t\t\t<\/a>\n\t\t\t\t<\/div>\n\t\t\t\t\t\t\t\t<\/div>\n\t\t\t\t<\/div>\n\t\t\t\t<div class=\"elementor-element elementor-element-fa01ec5 elementor-widget elementor-widget-heading\" data-id=\"fa01ec5\" data-element_type=\"widget\" data-e-type=\"widget\" data-widget_type=\"heading.default\">\n\t\t\t\t<div class=\"elementor-widget-container\">\n\t\t\t\t\t<h2 class=\"elementor-heading-title elementor-size-default\"><b>Bar hauteur 1m20 avec tablard interm\u00e9diaire<\/b><br>Tarif de location pour 1 Week-end ou 3 jours:<br><b>22.- Frs le m\u00e8tre lin\u00e9aire<\/b><br><br>\nCes tarifs s'appliquent sur nos mobiliers qui sont pris et ramen\u00e9s dans nos locaux \u00e0 Martigny.<br><br>\nCat\u00e9gorie Mobilier <\/h2>\t\t\t\t<\/div>\n\t\t\t\t<\/div>\n\t\t\t\t\t<\/div>\n\t\t\t\t<\/div>\n\t\t\t\t<\/div>\n\t\t<div class=\"elementor-element elementor-element-d2f9438 e-con-full e-flex e-con e-child\" data-id=\"d2f9438\" data-element_type=\"container\" data-e-type=\"container\">\n\t\t<div class=\"elementor-element elementor-element-d72c550 e-flex e-con-boxed e-con e-child\" data-id=\"d72c550\" data-element_type=\"container\" data-e-type=\"container\">\n\t\t\t\t\t<div class=\"e-con-inner\">\n\t\t\t\t<div class=\"elementor-element elementor-element-bbc4af7 elementor-widget__width-inherit elementor-widget elementor-widget-image\" data-id=\"bbc4af7\" data-element_type=\"widget\" data-e-type=\"widget\" data-widget_type=\"image.default\">\n\t\t\t\t<div class=\"elementor-widget-container\">\n\t\t\t\t\t\t\t\t\t\t\t\t\t\t\t<img decoding=\"async\" src=\"https:\/\/www.martinettisa.ch\/wp-content\/uploads\/2024\/02\/13.jpg\" title=\"13\" alt=\"13\" loading=\"lazy\" \/>\t\t\t\t\t\t\t\t\t\t\t\t\t\t\t<\/div>\n\t\t\t\t<\/div>\n\t\t\t\t<div class=\"elementor-element elementor-element-912539f elementor-widget elementor-widget-heading\" data-id=\"912539f\" data-element_type=\"widget\" data-e-type=\"widget\" data-widget_type=\"heading.default\">\n\t\t\t\t<div class=\"elementor-widget-container\">\n\t\t\t\t\t<h2 class=\"elementor-heading-title elementor-size-default\"><b>Office hauteur 90cm avec tablard interm\u00e9diaire<\/b><br>Tarif de location pour 1 Week-end ou 3 jours:<br><b>18.00.- Frs le m\u00e8tre lin\u00e9aire<\/b><br><br>\nCes tarifs s'appliquent sur nos mobiliers qui sont pris et ramen\u00e9s dans nos locaux \u00e0 Martigny.<br><br>\nCat\u00e9gorie Mobilier <\/h2>\t\t\t\t<\/div>\n\t\t\t\t<\/div>\n\t\t\t\t<div class=\"elementor-element elementor-element-b1d7284 elementor-widget__width-inherit elementor-align-left elementor-widget elementor-widget-button\" data-id=\"b1d7284\" data-element_type=\"widget\" data-e-type=\"widget\" data-widget_type=\"button.default\">\n\t\t\t\t<div class=\"elementor-widget-container\">\n\t\t\t\t\t\t\t\t\t<div class=\"elementor-button-wrapper\">\n\t\t\t\t\t<a class=\"elementor-button elementor-button-link elementor-size-md\" href=\"https:\/\/www.martinettisa.ch\/?page_id=4449\">\n\t\t\t\t\t\t<span class=\"elementor-button-content-wrapper\">\n\t\t\t\t\t\t<span class=\"elementor-button-icon\">\n\t\t\t\t<i aria-hidden=\"true\" class=\"icon icon-arrow-right\"><\/i>\t\t\t<\/span>\n\t\t\t\t\t\t\t\t\t<span class=\"elementor-button-text\">Louer<\/span>\n\t\t\t\t\t<\/span>\n\t\t\t\t\t<\/a>\n\t\t\t\t<\/div>\n\t\t\t\t\t\t\t\t<\/div>\n\t\t\t\t<\/div>\n\t\t\t\t\t<\/div>\n\t\t\t\t<\/div>\n\t\t<div class=\"elementor-element elementor-element-a1c4b6e e-flex e-con-boxed e-con e-child\" data-id=\"a1c4b6e\" data-element_type=\"container\" data-e-type=\"container\">\n\t\t\t\t\t<div class=\"e-con-inner\">\n\t\t\t\t<div class=\"elementor-element elementor-element-8aa254d elementor-widget__width-inherit elementor-widget elementor-widget-image\" data-id=\"8aa254d\" data-element_type=\"widget\" data-e-type=\"widget\" data-widget_type=\"image.default\">\n\t\t\t\t<div class=\"elementor-widget-container\">\n\t\t\t\t\t\t\t\t\t\t\t\t\t\t\t<img decoding=\"async\" src=\"https:\/\/www.martinettisa.ch\/wp-content\/uploads\/2024\/02\/14.jpg\" title=\"14\" alt=\"14\" loading=\"lazy\" \/>\t\t\t\t\t\t\t\t\t\t\t\t\t\t\t<\/div>\n\t\t\t\t<\/div>\n\t\t\t\t<div class=\"elementor-element elementor-element-76401ce elementor-widget__width-inherit elementor-align-left elementor-widget elementor-widget-button\" data-id=\"76401ce\" data-element_type=\"widget\" data-e-type=\"widget\" data-widget_type=\"button.default\">\n\t\t\t\t<div class=\"elementor-widget-container\">\n\t\t\t\t\t\t\t\t\t<div class=\"elementor-button-wrapper\">\n\t\t\t\t\t<a class=\"elementor-button elementor-button-link elementor-size-md\" href=\"https:\/\/www.martinettisa.ch\/?page_id=4449\">\n\t\t\t\t\t\t<span class=\"elementor-button-content-wrapper\">\n\t\t\t\t\t\t<span class=\"elementor-button-icon\">\n\t\t\t\t<i aria-hidden=\"true\" class=\"icon icon-arrow-right\"><\/i>\t\t\t<\/span>\n\t\t\t\t\t\t\t\t\t<span class=\"elementor-button-text\">Louer<\/span>\n\t\t\t\t\t<\/span>\n\t\t\t\t\t<\/a>\n\t\t\t\t<\/div>\n\t\t\t\t\t\t\t\t<\/div>\n\t\t\t\t<\/div>\n\t\t\t\t<div class=\"elementor-element elementor-element-5fb0021 elementor-widget elementor-widget-heading\" data-id=\"5fb0021\" data-element_type=\"widget\" data-e-type=\"widget\" data-widget_type=\"heading.default\">\n\t\t\t\t<div class=\"elementor-widget-container\">\n\t\t\t\t\t<h2 class=\"elementor-heading-title elementor-size-default\"><b>Barri\u00e8re type Condecta de 3m50 x 2m avec plots<\/b><br>Tarif de location pour 1 Week-end ou 3 jours:<br><b>40.- Frs <\/b><br><br>\nCes tarifs s'appliquent sur nos mobiliers qui sont pris et ramen\u00e9s dans nos locaux \u00e0 Martigny.<br><br>\nCat\u00e9gorie Mobilier <\/h2>\t\t\t\t<\/div>\n\t\t\t\t<\/div>\n\t\t\t\t\t<\/div>\n\t\t\t\t<\/div>\n\t\t<div class=\"elementor-element elementor-element-33ac216 e-flex e-con-boxed e-con e-child\" data-id=\"33ac216\" data-element_type=\"container\" data-e-type=\"container\">\n\t\t\t\t\t<div class=\"e-con-inner\">\n\t\t\t\t<div class=\"elementor-element elementor-element-5274127 elementor-widget__width-inherit elementor-widget elementor-widget-image\" data-id=\"5274127\" data-element_type=\"widget\" data-e-type=\"widget\" data-widget_type=\"image.default\">\n\t\t\t\t<div class=\"elementor-widget-container\">\n\t\t\t\t\t\t\t\t\t\t\t\t\t\t\t<img decoding=\"async\" src=\"https:\/\/www.martinettisa.ch\/wp-content\/uploads\/2024\/02\/bache_blanche.jpg\" title=\"bache_blanche\" alt=\"bache_blanche\" loading=\"lazy\" \/>\t\t\t\t\t\t\t\t\t\t\t\t\t\t\t<\/div>\n\t\t\t\t<\/div>\n\t\t\t\t<div class=\"elementor-element elementor-element-e7b699f elementor-widget__width-inherit elementor-align-left elementor-widget elementor-widget-button\" data-id=\"e7b699f\" data-element_type=\"widget\" data-e-type=\"widget\" data-widget_type=\"button.default\">\n\t\t\t\t<div class=\"elementor-widget-container\">\n\t\t\t\t\t\t\t\t\t<div class=\"elementor-button-wrapper\">\n\t\t\t\t\t<a class=\"elementor-button elementor-button-link elementor-size-md\" href=\"https:\/\/www.martinettisa.ch\/?page_id=4449\">\n\t\t\t\t\t\t<span class=\"elementor-button-content-wrapper\">\n\t\t\t\t\t\t<span class=\"elementor-button-icon\">\n\t\t\t\t<i aria-hidden=\"true\" class=\"icon icon-arrow-right\"><\/i>\t\t\t<\/span>\n\t\t\t\t\t\t\t\t\t<span class=\"elementor-button-text\">Louer<\/span>\n\t\t\t\t\t<\/span>\n\t\t\t\t\t<\/a>\n\t\t\t\t<\/div>\n\t\t\t\t\t\t\t\t<\/div>\n\t\t\t\t<\/div>\n\t\t\t\t<div class=\"elementor-element elementor-element-514c262 elementor-widget elementor-widget-heading\" data-id=\"514c262\" data-element_type=\"widget\" data-e-type=\"widget\" data-widget_type=\"heading.default\">\n\t\t\t\t<div class=\"elementor-widget-container\">\n\t\t\t\t\t<h2 class=\"elementor-heading-title elementor-size-default\"><b>B\u00e2che Blanche pour barri\u00e8re type Condecta<\/b><br>Tarif de location pour 1 Week-end ou 3 jours:<br><b>10.- Frs le m\u00e8tre lin\u00e9aire<\/b><br><br>\nCes tarifs s'appliquent sur nos mobiliers qui sont pris et ramen\u00e9s dans nos locaux \u00e0 Martigny.<br><br>\nCat\u00e9gorie Mobilier <\/h2>\t\t\t\t<\/div>\n\t\t\t\t<\/div>\n\t\t\t\t\t<\/div>\n\t\t\t\t<\/div>\n\t\t\t\t<\/div>\n\t\t<div class=\"elementor-element elementor-element-f0f5e6a e-con-full e-flex e-con e-child\" data-id=\"f0f5e6a\" data-element_type=\"container\" data-e-type=\"container\">\n\t\t<div class=\"elementor-element elementor-element-9132b85 e-flex e-con-boxed e-con e-child\" data-id=\"9132b85\" data-element_type=\"container\" data-e-type=\"container\">\n\t\t\t\t\t<div class=\"e-con-inner\">\n\t\t\t\t<div class=\"elementor-element elementor-element-86791fc elementor-widget__width-inherit elementor-widget elementor-widget-image\" data-id=\"86791fc\" data-element_type=\"widget\" data-e-type=\"widget\" data-widget_type=\"image.default\">\n\t\t\t\t<div class=\"elementor-widget-container\">\n\t\t\t\t\t\t\t\t\t\t\t\t\t\t\t<img decoding=\"async\" src=\"https:\/\/www.martinettisa.ch\/wp-content\/uploads\/2024\/02\/16.jpg\" title=\"16\" alt=\"16\" loading=\"lazy\" \/>\t\t\t\t\t\t\t\t\t\t\t\t\t\t\t<\/div>\n\t\t\t\t<\/div>\n\t\t\t\t<div class=\"elementor-element elementor-element-953ae30 elementor-widget elementor-widget-heading\" data-id=\"953ae30\" data-element_type=\"widget\" data-e-type=\"widget\" data-widget_type=\"heading.default\">\n\t\t\t\t<div class=\"elementor-widget-container\">\n\t\t\t\t\t<h2 class=\"elementor-heading-title elementor-size-default\"><b>Parasol Chauffant Pyramidal<\/b><br>Tarif de location pour 1 Week-end ou 3 jours:<br><b>150.00.- Frs sans bouteille de Gaz<\/b><br>\n<b>200.00.- Frs avec 1 bouteille de Gaz<\/b><br><br>\nCes tarifs s'appliquent sur nos mobiliers qui sont pris et ramen\u00e9s dans nos locaux \u00e0 Martigny.<br><br>\nCat\u00e9gorie Mobilier <\/h2>\t\t\t\t<\/div>\n\t\t\t\t<\/div>\n\t\t\t\t<div class=\"elementor-element elementor-element-ab5cacf elementor-widget__width-inherit elementor-align-left elementor-widget elementor-widget-button\" data-id=\"ab5cacf\" data-element_type=\"widget\" data-e-type=\"widget\" data-widget_type=\"button.default\">\n\t\t\t\t<div class=\"elementor-widget-container\">\n\t\t\t\t\t\t\t\t\t<div class=\"elementor-button-wrapper\">\n\t\t\t\t\t<a class=\"elementor-button elementor-button-link elementor-size-md\" href=\"https:\/\/www.martinettisa.ch\/?page_id=4449\">\n\t\t\t\t\t\t<span class=\"elementor-button-content-wrapper\">\n\t\t\t\t\t\t<span class=\"elementor-button-icon\">\n\t\t\t\t<i aria-hidden=\"true\" class=\"icon icon-arrow-right\"><\/i>\t\t\t<\/span>\n\t\t\t\t\t\t\t\t\t<span class=\"elementor-button-text\">Louer<\/span>\n\t\t\t\t\t<\/span>\n\t\t\t\t\t<\/a>\n\t\t\t\t<\/div>\n\t\t\t\t\t\t\t\t<\/div>\n\t\t\t\t<\/div>\n\t\t\t\t\t<\/div>\n\t\t\t\t<\/div>\n\t\t<div class=\"elementor-element elementor-element-4a56a59 e-flex e-con-boxed e-con e-child\" data-id=\"4a56a59\" data-element_type=\"container\" data-e-type=\"container\">\n\t\t\t\t\t<div class=\"e-con-inner\">\n\t\t\t\t<div class=\"elementor-element elementor-element-d943ced elementor-widget__width-inherit elementor-widget elementor-widget-image\" data-id=\"d943ced\" data-element_type=\"widget\" data-e-type=\"widget\" data-widget_type=\"image.default\">\n\t\t\t\t<div class=\"elementor-widget-container\">\n\t\t\t\t\t\t\t\t\t\t\t\t\t\t\t<img decoding=\"async\" src=\"https:\/\/www.martinettisa.ch\/wp-content\/uploads\/2024\/02\/17.jpg\" title=\"17\" alt=\"17\" loading=\"lazy\" \/>\t\t\t\t\t\t\t\t\t\t\t\t\t\t\t<\/div>\n\t\t\t\t<\/div>\n\t\t\t\t<div class=\"elementor-element elementor-element-7bf814a elementor-widget elementor-widget-heading\" data-id=\"7bf814a\" data-element_type=\"widget\" data-e-type=\"widget\" data-widget_type=\"heading.default\">\n\t\t\t\t<div class=\"elementor-widget-container\">\n\t\t\t\t\t<h2 class=\"elementor-heading-title elementor-size-default\"><b>Table ovale pour 12 personnes<\/b><br>Tarif de location pour 1 Week-end ou 3 jours:<br><b>80.- Frs<\/b><br><br>\nCes tarifs s'appliquent sur nos mobiliers qui sont pris et ramen\u00e9s dans nos locaux \u00e0 Martigny.<br><br>\nCat\u00e9gorie Mobilier <\/h2>\t\t\t\t<\/div>\n\t\t\t\t<\/div>\n\t\t\t\t<div class=\"elementor-element elementor-element-1bbb7eb elementor-widget__width-inherit elementor-align-left elementor-widget elementor-widget-button\" data-id=\"1bbb7eb\" data-element_type=\"widget\" data-e-type=\"widget\" data-widget_type=\"button.default\">\n\t\t\t\t<div class=\"elementor-widget-container\">\n\t\t\t\t\t\t\t\t\t<div class=\"elementor-button-wrapper\">\n\t\t\t\t\t<a class=\"elementor-button elementor-button-link elementor-size-md\" href=\"https:\/\/www.martinettisa.ch\/?page_id=4449\">\n\t\t\t\t\t\t<span class=\"elementor-button-content-wrapper\">\n\t\t\t\t\t\t<span class=\"elementor-button-icon\">\n\t\t\t\t<i aria-hidden=\"true\" class=\"icon icon-arrow-right\"><\/i>\t\t\t<\/span>\n\t\t\t\t\t\t\t\t\t<span class=\"elementor-button-text\">Louer<\/span>\n\t\t\t\t\t<\/span>\n\t\t\t\t\t<\/a>\n\t\t\t\t<\/div>\n\t\t\t\t\t\t\t\t<\/div>\n\t\t\t\t<\/div>\n\t\t\t\t\t<\/div>\n\t\t\t\t<\/div>\n\t\t<div class=\"elementor-element elementor-element-fb33aa2 e-flex e-con-boxed e-con e-child\" data-id=\"fb33aa2\" data-element_type=\"container\" data-e-type=\"container\">\n\t\t\t\t\t<div class=\"e-con-inner\">\n\t\t\t\t<div class=\"elementor-element elementor-element-ff62ae6 elementor-widget__width-inherit elementor-widget elementor-widget-image\" data-id=\"ff62ae6\" data-element_type=\"widget\" data-e-type=\"widget\" data-widget_type=\"image.default\">\n\t\t\t\t<div class=\"elementor-widget-container\">\n\t\t\t\t\t\t\t\t\t\t\t\t\t\t\t<img decoding=\"async\" src=\"https:\/\/www.martinettisa.ch\/wp-content\/uploads\/2024\/02\/18.jpg\" title=\"18\" alt=\"18\" loading=\"lazy\" \/>\t\t\t\t\t\t\t\t\t\t\t\t\t\t\t<\/div>\n\t\t\t\t<\/div>\n\t\t\t\t<div class=\"elementor-element elementor-element-6dc7437 elementor-widget elementor-widget-heading\" data-id=\"6dc7437\" data-element_type=\"widget\" data-e-type=\"widget\" data-widget_type=\"heading.default\">\n\t\t\t\t<div class=\"elementor-widget-container\">\n\t\t\t\t\t<h2 class=\"elementor-heading-title elementor-size-default\"><b>Table mariage pour 16 personnes<\/b><br>Tarif de location pour 1 Week-end ou 3 jours:<br><b>120.- Frs<\/b><br><br>\nCes tarifs s'appliquent sur nos mobiliers qui sont pris et ramen\u00e9s dans nos locaux \u00e0 Martigny.<br><br>\nCat\u00e9gorie Mobilier <\/h2>\t\t\t\t<\/div>\n\t\t\t\t<\/div>\n\t\t\t\t<div class=\"elementor-element elementor-element-38009ca elementor-widget__width-inherit elementor-align-left elementor-widget elementor-widget-button\" data-id=\"38009ca\" data-element_type=\"widget\" data-e-type=\"widget\" data-widget_type=\"button.default\">\n\t\t\t\t<div class=\"elementor-widget-container\">\n\t\t\t\t\t\t\t\t\t<div class=\"elementor-button-wrapper\">\n\t\t\t\t\t<a class=\"elementor-button elementor-button-link elementor-size-md\" href=\"https:\/\/www.martinettisa.ch\/?page_id=4449\">\n\t\t\t\t\t\t<span class=\"elementor-button-content-wrapper\">\n\t\t\t\t\t\t<span class=\"elementor-button-icon\">\n\t\t\t\t<i aria-hidden=\"true\" class=\"icon icon-arrow-right\"><\/i>\t\t\t<\/span>\n\t\t\t\t\t\t\t\t\t<span class=\"elementor-button-text\">Louer<\/span>\n\t\t\t\t\t<\/span>\n\t\t\t\t\t<\/a>\n\t\t\t\t<\/div>\n\t\t\t\t\t\t\t\t<\/div>\n\t\t\t\t<\/div>\n\t\t\t\t\t<\/div>\n\t\t\t\t<\/div>\n\t\t\t\t<\/div>\n\t\t<div class=\"elementor-element elementor-element-19bb4b2 e-con-full e-flex e-con e-child\" data-id=\"19bb4b2\" data-element_type=\"container\" data-e-type=\"container\">\n\t\t<div class=\"elementor-element elementor-element-791897b e-flex e-con-boxed e-con e-child\" data-id=\"791897b\" data-element_type=\"container\" data-e-type=\"container\">\n\t\t\t\t\t<div class=\"e-con-inner\">\n\t\t\t\t<div class=\"elementor-element elementor-element-89c0d7d elementor-widget__width-inherit elementor-widget elementor-widget-image\" data-id=\"89c0d7d\" data-element_type=\"widget\" data-e-type=\"widget\" data-widget_type=\"image.default\">\n\t\t\t\t<div class=\"elementor-widget-container\">\n\t\t\t\t\t\t\t\t\t\t\t\t\t\t\t<img decoding=\"async\" src=\"https:\/\/www.martinettisa.ch\/wp-content\/uploads\/2024\/02\/19.jpg\" title=\"19\" alt=\"19\" loading=\"lazy\" \/>\t\t\t\t\t\t\t\t\t\t\t\t\t\t\t<\/div>\n\t\t\t\t<\/div>\n\t\t\t\t<div class=\"elementor-element elementor-element-fa310d8 elementor-widget elementor-widget-heading\" data-id=\"fa310d8\" data-element_type=\"widget\" data-e-type=\"widget\" data-widget_type=\"heading.default\">\n\t\t\t\t<div class=\"elementor-widget-container\">\n\t\t\t\t\t<h2 class=\"elementor-heading-title elementor-size-default\"><b>Porte habits<\/b><br>Tarif de location pour 1 Week-end ou 3 jours:<br><b>20.- Frs pour 2m<\/b>\n<br><b>30.- Frs pour 3m<\/b>\n<br><b>1.- Frs le ceintre<\/b>\n<br><br>\nCes tarifs s'appliquent sur nos mobiliers qui sont pris et ramen\u00e9s dans nos locaux \u00e0 Martigny.<br><br>\nCat\u00e9gorie Mobilier <\/h2>\t\t\t\t<\/div>\n\t\t\t\t<\/div>\n\t\t\t\t<div class=\"elementor-element elementor-element-a8124d2 elementor-widget__width-inherit elementor-align-left elementor-widget elementor-widget-button\" data-id=\"a8124d2\" data-element_type=\"widget\" data-e-type=\"widget\" data-widget_type=\"button.default\">\n\t\t\t\t<div class=\"elementor-widget-container\">\n\t\t\t\t\t\t\t\t\t<div class=\"elementor-button-wrapper\">\n\t\t\t\t\t<a class=\"elementor-button elementor-button-link elementor-size-md\" href=\"https:\/\/www.martinettisa.ch\/?page_id=4449\">\n\t\t\t\t\t\t<span class=\"elementor-button-content-wrapper\">\n\t\t\t\t\t\t<span class=\"elementor-button-icon\">\n\t\t\t\t<i aria-hidden=\"true\" class=\"icon icon-arrow-right\"><\/i>\t\t\t<\/span>\n\t\t\t\t\t\t\t\t\t<span class=\"elementor-button-text\">Louer<\/span>\n\t\t\t\t\t<\/span>\n\t\t\t\t\t<\/a>\n\t\t\t\t<\/div>\n\t\t\t\t\t\t\t\t<\/div>\n\t\t\t\t<\/div>\n\t\t\t\t\t<\/div>\n\t\t\t\t<\/div>\n\t\t<div class=\"elementor-element elementor-element-544daa1 elementor-hidden-tablet elementor-hidden-mobile e-flex e-con-boxed e-con e-child\" data-id=\"544daa1\" data-element_type=\"container\" data-e-type=\"container\">\n\t\t\t\t\t<div class=\"e-con-inner\">\n\t\t\t\t\t<\/div>\n\t\t\t\t<\/div>\n\t\t<div class=\"elementor-element elementor-element-83f369b elementor-hidden-tablet elementor-hidden-mobile e-flex e-con-boxed e-con e-child\" data-id=\"83f369b\" data-element_type=\"container\" data-e-type=\"container\">\n\t\t\t\t\t<div class=\"e-con-inner\">\n\t\t\t\t\t<\/div>\n\t\t\t\t<\/div>\n\t\t\t\t<\/div>\n\t\t\t\t<\/div>\n\t\t\t\t<\/div>\n\t\t","protected":false},"excerpt":{"rendered":"<p>NOTRE MOBILIER Accueil Mobilier Notre \u00e9quipe Nos clients Histoire Contact Menu Accueil Mobilier Notre \u00e9quipe Nos clients Histoire Contact D\u00e9couvrez notre mobilier et accessoires en location ! Note: TVA 8.1% incluse si transport effectu\u00e9 par le locataire. Merci de nous contacter et de pr\u00e9ciser l&rsquo;objet de location souhait\u00e9. Table de 4m pour 16 personnesTarif de [&hellip;]<\/p>\n","protected":false},"author":1,"featured_media":0,"parent":0,"menu_order":0,"comment_status":"closed","ping_status":"closed","template":"elementor_header_footer","meta":{"give_campaign_id":0,"footnotes":""},"class_list":["post-5634","page","type-page","status-publish","hentry"],"yoast_head":"<!-- This site is optimized with the Yoast SEO plugin v28.3 - https:\/\/yoast.com\/product\/yoast-seo-wordpress\/ -->\n<title>Location-mobilier - Martinetti SA<\/title>\n<meta name=\"robots\" content=\"index, follow, max-snippet:-1, max-image-preview:large, max-video-preview:-1\" \/>\n<link rel=\"canonical\" href=\"https:\/\/www.martinettisa.ch\/?page_id=5634\" \/>\n<meta property=\"og:locale\" content=\"fr_FR\" \/>\n<meta property=\"og:type\" content=\"article\" \/>\n<meta property=\"og:title\" content=\"Location-mobilier - Martinetti SA\" \/>\n<meta property=\"og:description\" content=\"NOTRE MOBILIER Accueil Mobilier Notre \u00e9quipe Nos clients Histoire Contact Menu Accueil Mobilier Notre \u00e9quipe Nos clients Histoire Contact D\u00e9couvrez notre mobilier et accessoires en location ! Note: TVA 8.1% incluse si transport effectu\u00e9 par le locataire. Merci de nous contacter et de pr\u00e9ciser l&rsquo;objet de location souhait\u00e9. Table de 4m pour 16 personnesTarif de [&hellip;]\" \/>\n<meta property=\"og:url\" content=\"https:\/\/www.martinettisa.ch\/?page_id=5634\" \/>\n<meta property=\"og:site_name\" content=\"Martinetti SA\" \/>\n<meta property=\"article:modified_time\" content=\"2025-12-16T10:39:56+00:00\" \/>\n<meta property=\"og:image\" content=\"https:\/\/www.martinettisa.ch\/wp-content\/uploads\/2023\/09\/martinetti_logo_location_noir.webp\" \/>\n\t<meta property=\"og:image:width\" content=\"2481\" \/>\n\t<meta property=\"og:image:height\" content=\"676\" \/>\n\t<meta property=\"og:image:type\" content=\"image\/webp\" \/>\n<meta name=\"twitter:card\" content=\"summary_large_image\" \/>\n<meta name=\"twitter:label1\" content=\"Dur\u00e9e de lecture estim\u00e9e\" \/>\n\t<meta name=\"twitter:data1\" content=\"8 minutes\" \/>\n<script type=\"application\/ld+json\" class=\"yoast-schema-graph\">{\"@context\":\"https:\\\/\\\/schema.org\",\"@graph\":[{\"@type\":\"WebPage\",\"@id\":\"https:\\\/\\\/www.martinettisa.ch\\\/?page_id=5634\",\"url\":\"https:\\\/\\\/www.martinettisa.ch\\\/?page_id=5634\",\"name\":\"Location-mobilier - Martinetti SA\",\"isPartOf\":{\"@id\":\"https:\\\/\\\/www.martinettisa.ch\\\/#website\"},\"primaryImageOfPage\":{\"@id\":\"https:\\\/\\\/www.martinettisa.ch\\\/?page_id=5634#primaryimage\"},\"image\":{\"@id\":\"https:\\\/\\\/www.martinettisa.ch\\\/?page_id=5634#primaryimage\"},\"thumbnailUrl\":\"https:\\\/\\\/www.martinettisa.ch\\\/wp-content\\\/uploads\\\/2023\\\/09\\\/martinetti_logo_location_noir.webp\",\"datePublished\":\"2024-02-07T15:38:24+00:00\",\"dateModified\":\"2025-12-16T10:39:56+00:00\",\"breadcrumb\":{\"@id\":\"https:\\\/\\\/www.martinettisa.ch\\\/?page_id=5634#breadcrumb\"},\"inLanguage\":\"fr-FR\",\"potentialAction\":[{\"@type\":\"ReadAction\",\"target\":[\"https:\\\/\\\/www.martinettisa.ch\\\/?page_id=5634\"]}]},{\"@type\":\"ImageObject\",\"inLanguage\":\"fr-FR\",\"@id\":\"https:\\\/\\\/www.martinettisa.ch\\\/?page_id=5634#primaryimage\",\"url\":\"https:\\\/\\\/www.martinettisa.ch\\\/wp-content\\\/uploads\\\/2023\\\/09\\\/martinetti_logo_location_noir.webp\",\"contentUrl\":\"https:\\\/\\\/www.martinettisa.ch\\\/wp-content\\\/uploads\\\/2023\\\/09\\\/martinetti_logo_location_noir.webp\",\"width\":2481,\"height\":676},{\"@type\":\"BreadcrumbList\",\"@id\":\"https:\\\/\\\/www.martinettisa.ch\\\/?page_id=5634#breadcrumb\",\"itemListElement\":[{\"@type\":\"ListItem\",\"position\":1,\"name\":\"Accueil\",\"item\":\"https:\\\/\\\/www.martinettisa.ch\\\/\"},{\"@type\":\"ListItem\",\"position\":2,\"name\":\"Location-mobilier\"}]},{\"@type\":\"WebSite\",\"@id\":\"https:\\\/\\\/www.martinettisa.ch\\\/#website\",\"url\":\"https:\\\/\\\/www.martinettisa.ch\\\/\",\"name\":\"Martinetti SA\",\"description\":\"\",\"potentialAction\":[{\"@type\":\"SearchAction\",\"target\":{\"@type\":\"EntryPoint\",\"urlTemplate\":\"https:\\\/\\\/www.martinettisa.ch\\\/?s={search_term_string}\"},\"query-input\":{\"@type\":\"PropertyValueSpecification\",\"valueRequired\":true,\"valueName\":\"search_term_string\"}}],\"inLanguage\":\"fr-FR\"}]}<\/script>\n<!-- \/ Yoast SEO plugin. -->","yoast_head_json":{"title":"Location-mobilier - Martinetti SA","robots":{"index":"index","follow":"follow","max-snippet":"max-snippet:-1","max-image-preview":"max-image-preview:large","max-video-preview":"max-video-preview:-1"},"canonical":"https:\/\/www.martinettisa.ch\/?page_id=5634","og_locale":"fr_FR","og_type":"article","og_title":"Location-mobilier - Martinetti SA","og_description":"NOTRE MOBILIER Accueil Mobilier Notre \u00e9quipe Nos clients Histoire Contact Menu Accueil Mobilier Notre \u00e9quipe Nos clients Histoire Contact D\u00e9couvrez notre mobilier et accessoires en location ! Note: TVA 8.1% incluse si transport effectu\u00e9 par le locataire. Merci de nous contacter et de pr\u00e9ciser l&rsquo;objet de location souhait\u00e9. Table de 4m pour 16 personnesTarif de [&hellip;]","og_url":"https:\/\/www.martinettisa.ch\/?page_id=5634","og_site_name":"Martinetti SA","article_modified_time":"2025-12-16T10:39:56+00:00","og_image":[{"width":2481,"height":676,"url":"https:\/\/www.martinettisa.ch\/wp-content\/uploads\/2023\/09\/martinetti_logo_location_noir.webp","type":"image\/webp"}],"twitter_card":"summary_large_image","twitter_misc":{"Dur\u00e9e de lecture estim\u00e9e":"8 minutes"},"schema":{"@context":"https:\/\/schema.org","@graph":[{"@type":"WebPage","@id":"https:\/\/www.martinettisa.ch\/?page_id=5634","url":"https:\/\/www.martinettisa.ch\/?page_id=5634","name":"Location-mobilier - Martinetti SA","isPartOf":{"@id":"https:\/\/www.martinettisa.ch\/#website"},"primaryImageOfPage":{"@id":"https:\/\/www.martinettisa.ch\/?page_id=5634#primaryimage"},"image":{"@id":"https:\/\/www.martinettisa.ch\/?page_id=5634#primaryimage"},"thumbnailUrl":"https:\/\/www.martinettisa.ch\/wp-content\/uploads\/2023\/09\/martinetti_logo_location_noir.webp","datePublished":"2024-02-07T15:38:24+00:00","dateModified":"2025-12-16T10:39:56+00:00","breadcrumb":{"@id":"https:\/\/www.martinettisa.ch\/?page_id=5634#breadcrumb"},"inLanguage":"fr-FR","potentialAction":[{"@type":"ReadAction","target":["https:\/\/www.martinettisa.ch\/?page_id=5634"]}]},{"@type":"ImageObject","inLanguage":"fr-FR","@id":"https:\/\/www.martinettisa.ch\/?page_id=5634#primaryimage","url":"https:\/\/www.martinettisa.ch\/wp-content\/uploads\/2023\/09\/martinetti_logo_location_noir.webp","contentUrl":"https:\/\/www.martinettisa.ch\/wp-content\/uploads\/2023\/09\/martinetti_logo_location_noir.webp","width":2481,"height":676},{"@type":"BreadcrumbList","@id":"https:\/\/www.martinettisa.ch\/?page_id=5634#breadcrumb","itemListElement":[{"@type":"ListItem","position":1,"name":"Accueil","item":"https:\/\/www.martinettisa.ch\/"},{"@type":"ListItem","position":2,"name":"Location-mobilier"}]},{"@type":"WebSite","@id":"https:\/\/www.martinettisa.ch\/#website","url":"https:\/\/www.martinettisa.ch\/","name":"Martinetti SA","description":"","potentialAction":[{"@type":"SearchAction","target":{"@type":"EntryPoint","urlTemplate":"https:\/\/www.martinettisa.ch\/?s={search_term_string}"},"query-input":{"@type":"PropertyValueSpecification","valueRequired":true,"valueName":"search_term_string"}}],"inLanguage":"fr-FR"}]}},"campaignId":"","_links":{"self":[{"href":"https:\/\/www.martinettisa.ch\/index.php?rest_route=\/wp\/v2\/pages\/5634","targetHints":{"allow":["GET"]}}],"collection":[{"href":"https:\/\/www.martinettisa.ch\/index.php?rest_route=\/wp\/v2\/pages"}],"about":[{"href":"https:\/\/www.martinettisa.ch\/index.php?rest_route=\/wp\/v2\/types\/page"}],"author":[{"embeddable":true,"href":"https:\/\/www.martinettisa.ch\/index.php?rest_route=\/wp\/v2\/users\/1"}],"replies":[{"embeddable":true,"href":"https:\/\/www.martinettisa.ch\/index.php?rest_route=%2Fwp%2Fv2%2Fcomments&post=5634"}],"version-history":[{"count":52,"href":"https:\/\/www.martinettisa.ch\/index.php?rest_route=\/wp\/v2\/pages\/5634\/revisions"}],"predecessor-version":[{"id":5758,"href":"https:\/\/www.martinettisa.ch\/index.php?rest_route=\/wp\/v2\/pages\/5634\/revisions\/5758"}],"wp:attachment":[{"href":"https:\/\/www.martinettisa.ch\/index.php?rest_route=%2Fwp%2Fv2%2Fmedia&parent=5634"}],"curies":[{"name":"wp","href":"https:\/\/api.w.org\/{rel}","templated":true}]}}